{"id":519,"date":"2019-01-16T16:20:13","date_gmt":"2019-01-16T16:20:13","guid":{"rendered":"http:\/\/www.diana.com.ro\/?post_type=produse&#038;p=519"},"modified":"2026-03-25T14:04:12","modified_gmt":"2026-03-25T14:04:12","slug":"carnati-debretin","status":"publish","type":"produse","link":"https:\/\/dianagusturirasfatate.ro\/en\/produse\/carnati-debretin\/","title":{"rendered":"Debre\u021bin Sausages"},"content":{"rendered":"<p class=\"qtranxs-available-languages-message qtranxs-available-languages-message-en\">Sorry, this entry is only available in <a href=\"https:\/\/dianagusturirasfatate.ro\/ro\/wp-json\/wp\/v2\/produse\/519\" class=\"qtranxs-available-language-link qtranxs-available-language-link-ro\" title=\"RO\">RO<\/a>.<\/p><p>Aroma intens\u0103 \u0219i condimentat\u0103 define\u0219te C\u00e2rna\u021bii Debre\u021bin DIANA, inspira\u021bi din re\u021bete consacrate \u0219i adapta\u021bi pentru un gust echilibrat. Combina\u021bia de carne de porc \u0219i vit\u0103, \u00eempreun\u0103 cu mixul de condimente, ofer\u0103 un profil bogat \u0219i bine conturat.<\/p>\n\n\n\n<p>Fier\u021bi \u0219i afuma\u021bi cu fum natural din lemn de fag, au o textur\u0103 fraged\u0103 \u0219i un gust u\u0219or picant, potrivit pentru preparate consistente.<\/p>\n\n\n\n<p>Ideali pentru preparate calde, precum tigaie sau gr\u0103tar, dar \u0219i pentru combina\u021bii rapide \u00een sandvi\u0219uri consistente. Se potrivesc foarte bine al\u0103turi de mu\u0219tar sau garnituri simple.<\/p>","protected":false},"featured_media":1200,"template":"","categories":[11],"tags":[],"class_list":["post-519","produse","type-produse","status-publish","has-post-thumbnail","hentry","category-carnati"],"acf":[],"_links":{"self":[{"href":"https:\/\/dianagusturirasfatate.ro\/en\/wp-json\/wp\/v2\/produse\/519","targetHints":{"allow":["GET"]}}],"collection":[{"href":"https:\/\/dianagusturirasfatate.ro\/en\/wp-json\/wp\/v2\/produse"}],"about":[{"href":"https:\/\/dianagusturirasfatate.ro\/en\/wp-json\/wp\/v2\/types\/produse"}],"wp:featuredmedia":[{"embeddable":true,"href":"https:\/\/dianagusturirasfatate.ro\/en\/wp-json\/wp\/v2\/media\/1200"}],"wp:attachment":[{"href":"https:\/\/dianagusturirasfatate.ro\/en\/wp-json\/wp\/v2\/media?parent=519"}],"wp:term":[{"taxonomy":"category","embeddable":true,"href":"https:\/\/dianagusturirasfatate.ro\/en\/wp-json\/wp\/v2\/categories?post=519"},{"taxonomy":"post_tag","embeddable":true,"href":"https:\/\/dianagusturirasfatate.ro\/en\/wp-json\/wp\/v2\/tags?post=519"}],"curies":[{"name":"wp","href":"https:\/\/api.w.org\/{rel}","templated":true}]}}